{"id":2,"date":"2012-11-21T01:18:55","date_gmt":"2012-11-21T00:18:55","guid":{"rendered":"http:\/\/transpher.net\/site\/\/?page_id=2"},"modified":"2025-12-03T23:25:04","modified_gmt":"2025-12-03T22:25:04","slug":"bio-transpher-about-rock-celtique","status":"publish","type":"page","link":"https:\/\/www.transpher.net\/site\/bio-transpher-about-rock-celtique\/","title":{"rendered":"Bio"},"content":{"rendered":"<p>&nbsp;<\/p>\n<h1>Du rock celtique et du bon!<\/h1>\n<h6><span style=\"font-family: Arial, sans-serif;\"><span style=\"font-size: medium;\">\u00ab\u00a0Pr\u00e9parez vos oreilles pour une d\u00e9ferlante d&rsquo;\u00e9nergie, une vague de g\u00e9n\u00e9rosit\u00e9 et surtout une temp\u00eate de sonorit\u00e9s celtiques. Transpher en concert c&rsquo;est tout cela \u00e0 la fois!\u00a0\u00bb<\/span><\/span><\/h6>\n<p><img loading=\"lazy\" decoding=\"async\" class=\"alignnone size-medium wp-image-4557\" src=\"https:\/\/www.transpher.net\/site\/wp-content\/uploads\/2025\/11\/thumbnail-450x253.jpg\" alt=\"\" width=\"450\" height=\"253\" srcset=\"https:\/\/www.transpher.net\/site\/wp-content\/uploads\/2025\/11\/thumbnail-450x253.jpg 450w, https:\/\/www.transpher.net\/site\/wp-content\/uploads\/2025\/11\/thumbnail-scaled-600x338.jpg 600w, https:\/\/www.transpher.net\/site\/wp-content\/uploads\/2025\/11\/thumbnail-1024x576.jpg 1024w, https:\/\/www.transpher.net\/site\/wp-content\/uploads\/2025\/11\/thumbnail-768x432.jpg 768w, https:\/\/www.transpher.net\/site\/wp-content\/uploads\/2025\/11\/thumbnail-1536x864.jpg 1536w, https:\/\/www.transpher.net\/site\/wp-content\/uploads\/2025\/11\/thumbnail-2048x1152.jpg 2048w, https:\/\/www.transpher.net\/site\/wp-content\/uploads\/2025\/11\/thumbnail-990x556.jpg 990w, https:\/\/www.transpher.net\/site\/wp-content\/uploads\/2025\/11\/thumbnail-1920x1080.jpg 1920w\" sizes=\"auto, (max-width: 450px) 100vw, 450px\" \/><\/p>\n<h6><span style=\"font-family: Arial, sans-serif;\"><span style=\"font-size: medium;\">Les musiciens mettent leur technicit\u00e9 au service d&rsquo;un projet musical original, majoritairement chant\u00e9 en fran\u00e7ais, qui allie la puissance du rock celtique et des reprises des standards de la musique irlandaise.<\/span><\/span><span style=\"font-family: Arial, sans-serif;\"><span style=\"font-size: medium;\">&nbsp;<\/span><\/span><span style=\"font-family: Arial, sans-serif;\"><span style=\"font-size: medium;\">Les textes font mouche, bient\u00f4t repris en ch\u0153ur par le public qui ne demande qu&rsquo;\u00e0 embarquer avec eux !<\/span><\/span><\/h6>\n<p><img loading=\"lazy\" decoding=\"async\" class=\"alignnone  wp-image-3852\" src=\"https:\/\/www.transpher.net\/site\/wp-content\/uploads\/2023\/08\/groupe-Transpher-1-450x300.jpg\" alt=\"\" width=\"540\" height=\"360\" srcset=\"https:\/\/www.transpher.net\/site\/wp-content\/uploads\/2023\/08\/groupe-Transpher-1-450x300.jpg 450w, https:\/\/www.transpher.net\/site\/wp-content\/uploads\/2023\/08\/groupe-Transpher-1-600x400.jpg 600w, https:\/\/www.transpher.net\/site\/wp-content\/uploads\/2023\/08\/groupe-Transpher-1-1024x683.jpg 1024w, https:\/\/www.transpher.net\/site\/wp-content\/uploads\/2023\/08\/groupe-Transpher-1-768x512.jpg 768w, https:\/\/www.transpher.net\/site\/wp-content\/uploads\/2023\/08\/groupe-Transpher-1-1536x1024.jpg 1536w, https:\/\/www.transpher.net\/site\/wp-content\/uploads\/2023\/08\/groupe-Transpher-1-2048x1365.jpg 2048w\" sizes=\"auto, (max-width: 540px) 100vw, 540px\" \/><\/p>\n<h2>Un peu d&rsquo;histoire<\/h2>\n<h6><span style=\"font-family: Arial, sans-serif;\"><span style=\"font-size: medium;\"><span dir=\"ltr\" role=\"presentation\">Transpher est n\u00e9 de la rencontre <\/span><span dir=\"ltr\" role=\"presentation\">entre&nbsp; Philippe Sternis, <\/span><span dir=\"ltr\" role=\"presentation\">guitariste et joueur de bouzouki irlandais, et Jean-Marc Houdayer, chanteur et guitariste. <\/span><span dir=\"ltr\" role=\"presentation\">L\u2019osmose se fait imm\u00e9diatement et les deux <\/span><span dir=\"ltr\" role=\"presentation\">comp\u00e8res cr\u00e9ent les bases du r\u00e9pertoire du groupe avec <\/span><span dir=\"ltr\" role=\"presentation\">des morceaux festifs et hauts en couleurs, qui<\/span><span class=\"markedContent\"> <span dir=\"ltr\" role=\"presentation\">fi<\/span><\/span><span dir=\"ltr\" role=\"presentation\">d\u00e9lisent un <\/span><span dir=\"ltr\" role=\"presentation\">public de plus en plus nombreux.<\/span> <\/span><\/span><\/h6>\n<p><img loading=\"lazy\" decoding=\"async\" class=\"alignnone  wp-image-3776\" src=\"https:\/\/www.transpher.net\/site\/wp-content\/uploads\/2023\/08\/307417_196192670450683_480796922_n-448x300.jpg\" alt=\"\" width=\"457\" height=\"306\" srcset=\"https:\/\/www.transpher.net\/site\/wp-content\/uploads\/2023\/08\/307417_196192670450683_480796922_n-448x300.jpg 448w, https:\/\/www.transpher.net\/site\/wp-content\/uploads\/2023\/08\/307417_196192670450683_480796922_n-600x402.jpg 600w, https:\/\/www.transpher.net\/site\/wp-content\/uploads\/2023\/08\/307417_196192670450683_480796922_n-768x514.jpg 768w, https:\/\/www.transpher.net\/site\/wp-content\/uploads\/2023\/08\/307417_196192670450683_480796922_n.jpg 960w\" sizes=\"auto, (max-width: 457px) 100vw, 457px\" \/><\/p>\n<h6><span style=\"font-family: Arial, sans-serif;\"><span style=\"font-size: medium;\"><strong>Transpher va alors se faire conna\u00eetre gr\u00e2ce \u00e0 des concerts \u00e0 travers toute la France et \u00e0 l&rsquo;\u00e9tranger<\/strong>.&nbsp; <span style=\"font-size: medium; font-family: Arial, sans-serif;\">Leurs deux premiers albums <strong>\u00ab\u00a0Fresh Capsule\u00a0\u00bb et \u00ab\u00a022H22\u00a0\u00bb<\/strong>&nbsp;vont permettre au groupe d&rsquo;affirmer son identit\u00e9 celtique.<\/span> &nbsp; &nbsp; &nbsp; &nbsp; &nbsp; &nbsp; &nbsp; &nbsp; &nbsp; &nbsp; &nbsp; &nbsp; &nbsp;<\/span><\/span><\/h6>\n<p><img loading=\"lazy\" decoding=\"async\" class=\"alignnone  wp-image-3768\" src=\"https:\/\/www.transpher.net\/site\/wp-content\/uploads\/2023\/08\/pochette_fresh.jpg\" alt=\"\" width=\"238\" height=\"238\" srcset=\"https:\/\/www.transpher.net\/site\/wp-content\/uploads\/2023\/08\/pochette_fresh.jpg 205w, https:\/\/www.transpher.net\/site\/wp-content\/uploads\/2023\/08\/pochette_fresh-100x100.jpg 100w, https:\/\/www.transpher.net\/site\/wp-content\/uploads\/2023\/08\/pochette_fresh-200x200.jpg 200w, https:\/\/www.transpher.net\/site\/wp-content\/uploads\/2023\/08\/pochette_fresh-180x180.jpg 180w\" sizes=\"auto, (max-width: 238px) 100vw, 238px\" \/><img loading=\"lazy\" decoding=\"async\" class=\"alignnone  wp-image-3769\" src=\"https:\/\/www.transpher.net\/site\/wp-content\/uploads\/2023\/08\/22-H-22.jpg\" alt=\"\" width=\"232\" height=\"230\" srcset=\"https:\/\/www.transpher.net\/site\/wp-content\/uploads\/2023\/08\/22-H-22.jpg 207w, https:\/\/www.transpher.net\/site\/wp-content\/uploads\/2023\/08\/22-H-22-100x100.jpg 100w\" sizes=\"auto, (max-width: 232px) 100vw, 232px\" \/><\/p>\n<h2>Un live et Tri Yann<\/h2>\n<h6><span style=\"font-family: Arial, sans-serif;\"><span style=\"font-size: medium;\">En 2011, ils sortent un <strong>DVD \u00ab\u00a0Une Nuit dans l&rsquo;Espace<\/strong>\u00a0\u00bb et se taillent une belle r\u00e9putation en assurant la premi\u00e8re partie de Tri Yann.<\/span><\/span><\/h6>\n<p><span style=\"font-family: Arial, sans-serif;\"><span style=\"font-size: medium;\"><img loading=\"lazy\" decoding=\"async\" class=\"alignnone  wp-image-3772\" src=\"https:\/\/www.transpher.net\/site\/wp-content\/uploads\/2023\/08\/326250_196889507047666_78490213_o-400x300.jpg\" alt=\"\" width=\"454\" height=\"341\" srcset=\"https:\/\/www.transpher.net\/site\/wp-content\/uploads\/2023\/08\/326250_196889507047666_78490213_o-400x300.jpg 400w, https:\/\/www.transpher.net\/site\/wp-content\/uploads\/2023\/08\/326250_196889507047666_78490213_o-600x450.jpg 600w, https:\/\/www.transpher.net\/site\/wp-content\/uploads\/2023\/08\/326250_196889507047666_78490213_o-1024x768.jpg 1024w, https:\/\/www.transpher.net\/site\/wp-content\/uploads\/2023\/08\/326250_196889507047666_78490213_o-768x576.jpg 768w, https:\/\/www.transpher.net\/site\/wp-content\/uploads\/2023\/08\/326250_196889507047666_78490213_o-1536x1152.jpg 1536w, https:\/\/www.transpher.net\/site\/wp-content\/uploads\/2023\/08\/326250_196889507047666_78490213_o-960x720.jpg 960w, https:\/\/www.transpher.net\/site\/wp-content\/uploads\/2023\/08\/326250_196889507047666_78490213_o-640x480.jpg 640w, https:\/\/www.transpher.net\/site\/wp-content\/uploads\/2023\/08\/326250_196889507047666_78490213_o.jpg 2048w\" sizes=\"auto, (max-width: 454px) 100vw, 454px\" \/><br \/>\n<\/span><\/span><\/p>\n<h6><span style=\"font-family: Arial, sans-serif;\"><span style=\"font-size: medium;\">2013 est l\u2019ann\u00e9e de la sortie du 3\u00e8me CD \u00ab Libertalia \u00bb, un concept-album qui remet au go\u00fbt du jour, cette fameuse l\u00e9gende de la piraterie et qui va ancrer les prestations sc\u00e9niques du groupe dans cet univers.<br \/>\n<\/span><\/span><\/h6>\n<p><img loading=\"lazy\" decoding=\"async\" class=\"alignnone  wp-image-3781\" src=\"https:\/\/www.transpher.net\/site\/wp-content\/uploads\/2023\/08\/libertalia.jpg\" alt=\"\" width=\"217\" height=\"217\" srcset=\"https:\/\/www.transpher.net\/site\/wp-content\/uploads\/2023\/08\/libertalia.jpg 205w, https:\/\/www.transpher.net\/site\/wp-content\/uploads\/2023\/08\/libertalia-100x100.jpg 100w, https:\/\/www.transpher.net\/site\/wp-content\/uploads\/2023\/08\/libertalia-200x200.jpg 200w, https:\/\/www.transpher.net\/site\/wp-content\/uploads\/2023\/08\/libertalia-180x180.jpg 180w\" sizes=\"auto, (max-width: 217px) 100vw, 217px\" \/><img loading=\"lazy\" decoding=\"async\" class=\"alignnone  wp-image-3816\" src=\"https:\/\/www.transpher.net\/site\/wp-content\/uploads\/2023\/08\/51B19877-BC77-4C29-85EA-95E8536C1A1A-legende-de-libertalia-450x223.jpeg\" alt=\"\" width=\"463\" height=\"229\" srcset=\"https:\/\/www.transpher.net\/site\/wp-content\/uploads\/2023\/08\/51B19877-BC77-4C29-85EA-95E8536C1A1A-legende-de-libertalia-450x223.jpeg 450w, https:\/\/www.transpher.net\/site\/wp-content\/uploads\/2023\/08\/51B19877-BC77-4C29-85EA-95E8536C1A1A-legende-de-libertalia-600x297.jpeg 600w, https:\/\/www.transpher.net\/site\/wp-content\/uploads\/2023\/08\/51B19877-BC77-4C29-85EA-95E8536C1A1A-legende-de-libertalia-768x381.jpeg 768w, https:\/\/www.transpher.net\/site\/wp-content\/uploads\/2023\/08\/51B19877-BC77-4C29-85EA-95E8536C1A1A-legende-de-libertalia.jpeg 952w\" sizes=\"auto, (max-width: 463px) 100vw, 463px\" \/><img loading=\"lazy\" decoding=\"async\" class=\"alignnone size-medium wp-image-3878\" src=\"https:\/\/www.transpher.net\/site\/wp-content\/uploads\/2023\/09\/guitare-seche-le-Mag-260x300.jpg\" alt=\"\" width=\"260\" height=\"300\" srcset=\"https:\/\/www.transpher.net\/site\/wp-content\/uploads\/2023\/09\/guitare-seche-le-Mag-260x300.jpg 260w, https:\/\/www.transpher.net\/site\/wp-content\/uploads\/2023\/09\/guitare-seche-le-Mag-600x692.jpg 600w, https:\/\/www.transpher.net\/site\/wp-content\/uploads\/2023\/09\/guitare-seche-le-Mag.jpg 699w\" sizes=\"auto, (max-width: 260px) 100vw, 260px\" \/><\/p>\n<h2>Un clip et une distinction<\/h2>\n<h6><span style=\"font-family: Arial, sans-serif;\"><span style=\"font-size: medium;\">Pour concr\u00e9tiser ce projet artistique, Transpher enregistre en 2014, un vid\u00e9o clip \u00ab\u00a0In the Night\u00a0\u00bb, dans une salle vo\u00fbt\u00e9e du XII\u00e8me si\u00e8cle \u00e0 Provins, dans lequel transparaissent toute l&rsquo;\u00e9nergie sc\u00e9nique du groupe, l&rsquo;humour, l&rsquo;efficacit\u00e9 m\u00e9lodique.<\/span><\/span><\/h6>\n<p><img loading=\"lazy\" decoding=\"async\" class=\"alignnone  wp-image-3784\" src=\"https:\/\/www.transpher.net\/site\/wp-content\/uploads\/2023\/08\/10475591_669327053137240_7839190498235219537_n-450x298.jpg\" alt=\"\" width=\"422\" height=\"280\" srcset=\"https:\/\/www.transpher.net\/site\/wp-content\/uploads\/2023\/08\/10475591_669327053137240_7839190498235219537_n-450x298.jpg 450w, https:\/\/www.transpher.net\/site\/wp-content\/uploads\/2023\/08\/10475591_669327053137240_7839190498235219537_n-600x398.jpg 600w, https:\/\/www.transpher.net\/site\/wp-content\/uploads\/2023\/08\/10475591_669327053137240_7839190498235219537_n-768x509.jpg 768w, https:\/\/www.transpher.net\/site\/wp-content\/uploads\/2023\/08\/10475591_669327053137240_7839190498235219537_n.jpg 960w\" sizes=\"auto, (max-width: 422px) 100vw, 422px\" \/><img loading=\"lazy\" decoding=\"async\" class=\"alignnone  wp-image-3785\" src=\"https:\/\/www.transpher.net\/site\/wp-content\/uploads\/2023\/08\/10513347_669326596470619_1840762528357872258_n-430x300.jpg\" alt=\"\" width=\"405\" height=\"283\" srcset=\"https:\/\/www.transpher.net\/site\/wp-content\/uploads\/2023\/08\/10513347_669326596470619_1840762528357872258_n-430x300.jpg 430w, https:\/\/www.transpher.net\/site\/wp-content\/uploads\/2023\/08\/10513347_669326596470619_1840762528357872258_n-600x419.jpg 600w, https:\/\/www.transpher.net\/site\/wp-content\/uploads\/2023\/08\/10513347_669326596470619_1840762528357872258_n-768x536.jpg 768w, https:\/\/www.transpher.net\/site\/wp-content\/uploads\/2023\/08\/10513347_669326596470619_1840762528357872258_n.jpg 960w\" sizes=\"auto, (max-width: 405px) 100vw, 405px\" \/><\/p>\n<h6><span style=\"font-family: Arial, sans-serif;\"><span style=\"font-size: medium;\">Ce titre sera distingu\u00e9 comme \u00a0\u00bb <strong>le 2\u00e8me Meilleur SINGLE de l&rsquo;ann\u00e9e 2014<\/strong> \u00a0\u00bb par la radio espagnole \u00ab\u00a0Celtic Folk Punk\u00a0\u00bb sp\u00e9cialis\u00e9e dans le rock celtique.<\/span><\/span><\/h6>\n<h2>Black Sam<\/h2>\n<h6><span style=\"font-family: Arial, sans-serif;\"><span style=\"font-size: medium;\">En 2016, Transpher sort un nouvel album <strong>\u00ab\u00a0Black Sam\u00a0\u00bb<\/strong> en souvenir de Samuel Bellamy pirate l\u00e9gendaire \u00e0 la carri\u00e8re fulgurante ! Le clip \u00ab\u00a0Live \u00a0\u00bb pr\u00e9vu pour la sortie de cet album sera annul\u00e9, suite au d\u00e9c\u00e8s tragique du violoniste du groupe: Lo\u00efc Pelletier.<\/span><\/span><\/h6>\n<p><img loading=\"lazy\" decoding=\"async\" class=\"alignnone  wp-image-3790\" src=\"https:\/\/www.transpher.net\/site\/wp-content\/uploads\/2023\/08\/13055478_1042535059149769_9147430809919915889_n-299x300.jpg\" alt=\"\" width=\"197\" height=\"198\" srcset=\"https:\/\/www.transpher.net\/site\/wp-content\/uploads\/2023\/08\/13055478_1042535059149769_9147430809919915889_n-299x300.jpg 299w, https:\/\/www.transpher.net\/site\/wp-content\/uploads\/2023\/08\/13055478_1042535059149769_9147430809919915889_n-300x300.jpg 300w, https:\/\/www.transpher.net\/site\/wp-content\/uploads\/2023\/08\/13055478_1042535059149769_9147430809919915889_n-100x100.jpg 100w, https:\/\/www.transpher.net\/site\/wp-content\/uploads\/2023\/08\/13055478_1042535059149769_9147430809919915889_n-600x601.jpg 600w, https:\/\/www.transpher.net\/site\/wp-content\/uploads\/2023\/08\/13055478_1042535059149769_9147430809919915889_n-200x200.jpg 200w, https:\/\/www.transpher.net\/site\/wp-content\/uploads\/2023\/08\/13055478_1042535059149769_9147430809919915889_n-768x770.jpg 768w, https:\/\/www.transpher.net\/site\/wp-content\/uploads\/2023\/08\/13055478_1042535059149769_9147430809919915889_n-640x640.jpg 640w, https:\/\/www.transpher.net\/site\/wp-content\/uploads\/2023\/08\/13055478_1042535059149769_9147430809919915889_n-180x180.jpg 180w, https:\/\/www.transpher.net\/site\/wp-content\/uploads\/2023\/08\/13055478_1042535059149769_9147430809919915889_n.jpg 907w\" sizes=\"auto, (max-width: 197px) 100vw, 197px\" \/> <img loading=\"lazy\" decoding=\"async\" class=\"alignnone  wp-image-3791\" src=\"https:\/\/www.transpher.net\/site\/wp-content\/uploads\/2023\/08\/13260113_1777358439168236_5725088666474377137_n-450x131.jpg\" alt=\"\" width=\"508\" height=\"148\" srcset=\"https:\/\/www.transpher.net\/site\/wp-content\/uploads\/2023\/08\/13260113_1777358439168236_5725088666474377137_n-450x131.jpg 450w, https:\/\/www.transpher.net\/site\/wp-content\/uploads\/2023\/08\/13260113_1777358439168236_5725088666474377137_n-600x174.jpg 600w, https:\/\/www.transpher.net\/site\/wp-content\/uploads\/2023\/08\/13260113_1777358439168236_5725088666474377137_n-768x223.jpg 768w, https:\/\/www.transpher.net\/site\/wp-content\/uploads\/2023\/08\/13260113_1777358439168236_5725088666474377137_n.jpg 960w\" sizes=\"auto, (max-width: 508px) 100vw, 508px\" \/><\/p>\n<h6><span style=\"font-family: Arial, sans-serif;\"><span style=\"font-size: medium;\">En 2018, le groupe part \u00e0 \u00ab\u00a0Cardiff\u00a0\u00bb pour y tourner un clip o\u00f9 se m\u00e9langent le rock celtique, le rugby, les paysages et les valeurs ancestrales du Pays de Galles. Diffus\u00e9 uniquement sur Facebook, le clip \u00ab\u00a0Cardiff\u00a0\u00bb d\u00e9passe les 240 000 vues, apr\u00e8s avoir \u00e9t\u00e9 partag\u00e9<strong> plus de 2500 fois<\/strong> \u00e0 travers de nombreux pays !<\/span><\/span><\/h6>\n<p><img loading=\"lazy\" decoding=\"async\" class=\"alignnone  wp-image-3811\" src=\"https:\/\/www.transpher.net\/site\/wp-content\/uploads\/2023\/08\/SnapShot20-450x253.jpg\" alt=\"\" width=\"365\" height=\"205\" srcset=\"https:\/\/www.transpher.net\/site\/wp-content\/uploads\/2023\/08\/SnapShot20-450x253.jpg 450w, https:\/\/www.transpher.net\/site\/wp-content\/uploads\/2023\/08\/SnapShot20-scaled-600x338.jpg 600w, https:\/\/www.transpher.net\/site\/wp-content\/uploads\/2023\/08\/SnapShot20-1024x576.jpg 1024w, https:\/\/www.transpher.net\/site\/wp-content\/uploads\/2023\/08\/SnapShot20-768x432.jpg 768w, https:\/\/www.transpher.net\/site\/wp-content\/uploads\/2023\/08\/SnapShot20-1536x864.jpg 1536w, https:\/\/www.transpher.net\/site\/wp-content\/uploads\/2023\/08\/SnapShot20-2048x1152.jpg 2048w, https:\/\/www.transpher.net\/site\/wp-content\/uploads\/2023\/08\/SnapShot20-990x556.jpg 990w, https:\/\/www.transpher.net\/site\/wp-content\/uploads\/2023\/08\/SnapShot20-1920x1080.jpg 1920w\" sizes=\"auto, (max-width: 365px) 100vw, 365px\" \/><img loading=\"lazy\" decoding=\"async\" class=\"alignnone  wp-image-3853\" src=\"https:\/\/www.transpher.net\/site\/wp-content\/uploads\/2023\/08\/cardiff-450x251.jpg\" alt=\"\" width=\"369\" height=\"206\" srcset=\"https:\/\/www.transpher.net\/site\/wp-content\/uploads\/2023\/08\/cardiff-450x251.jpg 450w, https:\/\/www.transpher.net\/site\/wp-content\/uploads\/2023\/08\/cardiff-600x334.jpg 600w, https:\/\/www.transpher.net\/site\/wp-content\/uploads\/2023\/08\/cardiff-768x428.jpg 768w, https:\/\/www.transpher.net\/site\/wp-content\/uploads\/2023\/08\/cardiff.jpg 991w\" sizes=\"auto, (max-width: 369px) 100vw, 369px\" \/><\/p>\n<h6><span style=\"font-family: Arial, sans-serif;\"><span style=\"font-size: medium;\">En 2020, en plein confinement, le groupe sort un vid\u00e9o clip, \u00ab\u00a0Black Sam\u00a0\u00bb, qui pr\u00e9sente la particularit\u00e9 d&rsquo;avoir \u00e9t\u00e9 enti\u00e8rement r\u00e9alis\u00e9 \u00e0 domicile en interaction avec des fans du groupe: un clip interconfinemental !<\/span><\/span><\/h6>\n<p><img loading=\"lazy\" decoding=\"async\" class=\"alignnone  wp-image-3823\" src=\"https:\/\/www.transpher.net\/site\/wp-content\/uploads\/2023\/08\/rox-black-sam-450x296.jpg\" alt=\"\" width=\"339\" height=\"223\" srcset=\"https:\/\/www.transpher.net\/site\/wp-content\/uploads\/2023\/08\/rox-black-sam-450x296.jpg 450w, https:\/\/www.transpher.net\/site\/wp-content\/uploads\/2023\/08\/rox-black-sam-600x394.jpg 600w, https:\/\/www.transpher.net\/site\/wp-content\/uploads\/2023\/08\/rox-black-sam-768x505.jpg 768w, https:\/\/www.transpher.net\/site\/wp-content\/uploads\/2023\/08\/rox-black-sam.jpg 925w\" sizes=\"auto, (max-width: 339px) 100vw, 339px\" \/><img loading=\"lazy\" decoding=\"async\" class=\"alignnone  wp-image-3824\" src=\"https:\/\/www.transpher.net\/site\/wp-content\/uploads\/2023\/08\/nico-black-sam-450x300.jpg\" alt=\"\" width=\"336\" height=\"224\" srcset=\"https:\/\/www.transpher.net\/site\/wp-content\/uploads\/2023\/08\/nico-black-sam-450x300.jpg 450w, https:\/\/www.transpher.net\/site\/wp-content\/uploads\/2023\/08\/nico-black-sam-600x399.jpg 600w, https:\/\/www.transpher.net\/site\/wp-content\/uploads\/2023\/08\/nico-black-sam-768x511.jpg 768w, https:\/\/www.transpher.net\/site\/wp-content\/uploads\/2023\/08\/nico-black-sam.jpg 915w\" sizes=\"auto, (max-width: 336px) 100vw, 336px\" \/><\/p>\n<h6>En 2023 Transpher sort un nouveau vid\u00e9o-clip <strong>\u00ab\u00a0les Filles de St-Malo\u00a0\u00bb<\/strong> .<\/h6>\n<p><img loading=\"lazy\" decoding=\"async\" class=\"alignnone  wp-image-3834\" src=\"https:\/\/www.transpher.net\/site\/wp-content\/uploads\/2023\/08\/image857-450x235.png\" alt=\"\" width=\"404\" height=\"211\" srcset=\"https:\/\/www.transpher.net\/site\/wp-content\/uploads\/2023\/08\/image857-450x235.png 450w, https:\/\/www.transpher.net\/site\/wp-content\/uploads\/2023\/08\/image857-600x314.png 600w, https:\/\/www.transpher.net\/site\/wp-content\/uploads\/2023\/08\/image857-768x402.png 768w, https:\/\/www.transpher.net\/site\/wp-content\/uploads\/2023\/08\/image857.png 906w\" sizes=\"auto, (max-width: 404px) 100vw, 404px\" \/><img loading=\"lazy\" decoding=\"async\" class=\"alignnone  wp-image-3864\" src=\"https:\/\/www.transpher.net\/site\/wp-content\/uploads\/2023\/08\/Sans-titre-450x232.jpg\" alt=\"\" width=\"398\" height=\"205\" srcset=\"https:\/\/www.transpher.net\/site\/wp-content\/uploads\/2023\/08\/Sans-titre-450x232.jpg 450w, https:\/\/www.transpher.net\/site\/wp-content\/uploads\/2023\/08\/Sans-titre-600x310.jpg 600w, https:\/\/www.transpher.net\/site\/wp-content\/uploads\/2023\/08\/Sans-titre-1024x529.jpg 1024w, https:\/\/www.transpher.net\/site\/wp-content\/uploads\/2023\/08\/Sans-titre-768x397.jpg 768w, https:\/\/www.transpher.net\/site\/wp-content\/uploads\/2023\/08\/Sans-titre.jpg 1142w\" sizes=\"auto, (max-width: 398px) 100vw, 398px\" \/><\/p>\n<h6>&nbsp;2025- Transpher d\u00e9cide de sortir un vid\u00e9o clip live de 16 minutes pour immerger l&rsquo;auditeur au c\u0153ur d&rsquo;un concert du groupe.<\/h6>\n<p><iframe loading=\"lazy\" title=\"Une NUIT dans le G\u00c9VAUDAN - 16 minutes LIVE avec TRANSPHER rock celtique\" width=\"920\" height=\"518\" src=\"https:\/\/www.youtube.com\/embed\/SXanTYnX-Qs?feature=oembed\" frameborder=\"0\" allow=\"accelerometer; autoplay; clipboard-write; encrypted-media; gyroscope; picture-in-picture; web-share\" referrerpolicy=\"strict-origin-when-cross-origin\" allowfullscreen><\/iframe><\/p>\n<h6>Actuellement le groupe travaille sur son 5\u00e8me album qui sortira en 2026&#8230; \u00c0 suivre&#8230;<\/h6>\n<p><img loading=\"lazy\" decoding=\"async\" class=\"alignnone  wp-image-3867\" src=\"https:\/\/www.transpher.net\/site\/wp-content\/uploads\/2023\/08\/370601169_2576717525830724_830330794495219273_n-450x300.jpg\" alt=\"\" width=\"646\" height=\"430\" srcset=\"https:\/\/www.transpher.net\/site\/wp-content\/uploads\/2023\/08\/370601169_2576717525830724_830330794495219273_n-450x300.jpg 450w, https:\/\/www.transpher.net\/site\/wp-content\/uploads\/2023\/08\/370601169_2576717525830724_830330794495219273_n-600x400.jpg 600w, https:\/\/www.transpher.net\/site\/wp-content\/uploads\/2023\/08\/370601169_2576717525830724_830330794495219273_n-1024x683.jpg 1024w, https:\/\/www.transpher.net\/site\/wp-content\/uploads\/2023\/08\/370601169_2576717525830724_830330794495219273_n-768x512.jpg 768w, https:\/\/www.transpher.net\/site\/wp-content\/uploads\/2023\/08\/370601169_2576717525830724_830330794495219273_n-1536x1024.jpg 1536w, https:\/\/www.transpher.net\/site\/wp-content\/uploads\/2023\/08\/370601169_2576717525830724_830330794495219273_n.jpg 2048w\" sizes=\"auto, (max-width: 646px) 100vw, 646px\" \/><\/p>\n<h2>Quelques dates:<\/h2>\n<ul>\n<li><span style=\"color: #ffff00;\">1\u00e8re partie Tri Yann&nbsp;<\/span><\/li>\n<li><span style=\"color: #ffff00;\">Festival interceltique de Lorient&nbsp;<\/span><\/li>\n<li><span style=\"color: #ffff00;\">Festival Celte en G\u00e9vaudan<\/span><\/li>\n<li><span style=\"color: #ffff00;\">Petit Journal Montparnasse&nbsp;<\/span><\/li>\n<li><span style=\"color: #ffff00;\">Festival Montereau &#8211; Confluences&nbsp;<\/span><\/li>\n<li><span style=\"color: #ffff00;\">Salle<strong> l&rsquo;<\/strong>Escale \u00e0 Melun&nbsp;<\/span><\/li>\n<li><span style=\"color: #ffff00;\">Foire de Paris&nbsp;<\/span><\/li>\n<li><span style=\"color: #ffff00;\">Festival des Nuits Salines&nbsp;<\/span><\/li>\n<li><span style=\"color: #ffff00;\">Festival des \u00ab\u00a0Roches Celtiques\u00a0\u00bb \u00e0 Saint-Etienne&nbsp;<\/span><\/li>\n<li><span style=\"color: #ffff00;\">F\u00eate des Laines \u00e0 Chateaudun&nbsp;<\/span><\/li>\n<li><span style=\"color: #ffff00;\">Festival Rock&rsquo;en Gaule &#8211; Suisse&nbsp;<\/span><\/li>\n<li><span style=\"color: #ffff00;\">F\u00eate de la bi\u00e8re de Porrentruy &#8211; Suisse<\/span><\/li>\n<li><span style=\"color: #ffff00;\">Festi-Rance \u00e0 St Samson-sur-Rance<\/span><\/li>\n<li><span style=\"color: #ffff00;\">Espace Saint-Jean de Melun&nbsp;<\/span><\/li>\n<li><span style=\"color: #ffff00;\">Festival celtique Cenon-sur-Vienne<\/span><\/li>\n<li><span style=\"color: #ffff00;\"> Festival des Tours<\/span><\/li>\n<li><span style=\"color: #ffff00;\">Festival Rock Celtique de Plancy&nbsp;<\/span><\/li>\n<li><span style=\"color: #ffff00;\">Celtic Festival au Luxembourg&nbsp;<\/span><\/li>\n<li><span style=\"color: #ffff00;\">Festival celtique \u00e0 St Didier-en-Velay<\/span><\/li>\n<li><span style=\"color: #ffff00;\">\u00ab\u00a0Maison dans la Vall\u00e9e\u00a0\u00bb Avon<\/span><\/li>\n<li><span style=\"color: #ffff00;\">\u00ab\u00a0Agora\u00a0\u00bb Nogent-sur-seine&nbsp;<\/span><\/li>\n<li><span style=\"color: #ffff00;\">Salle Animatis \u00e0 Issoire&nbsp;<\/span><\/li>\n<li><span style=\"color: #ffff00;\">Arthur&rsquo;s day Festival \u00e0 Grandvilliers&nbsp;<\/span><\/li>\n<li><span style=\"color: #ffff00;\">\u00ab\u00a0Chatellerault Ville Portuaire\u00a0\u00bb<\/span><\/li>\n<li><span style=\"color: #ffff00;\">Festival \u00ab\u00a0Grain d&rsquo;pirate\u00a0\u00bb \u00e0 Binic&nbsp;<\/span><\/li>\n<li><span style=\"color: #ffff00;\">F\u00eate m\u00e9di\u00e9vale de Tournan&nbsp;<\/span><\/li>\n<li><span style=\"color: #ffff00;\">Festival Musik&rsquo;air \u00e0 Montargis&nbsp;<\/span><\/li>\n<li><span style=\"color: #ffffff; font-size: 2rem; font-weight: bold;\">COMPOSITION du GROUPE:<\/span><\/li>\n<\/ul>\n<ul>\n<li><a href=\"https:\/\/www.transpher.net\/site\/jm\/\"><strong>Jean-Marc Houdayer : chant<\/strong><\/a><\/li>\n<li><a href=\"https:\/\/www.transpher.net\/site\/medias\/tonio\"><strong>Tonio : batterie<\/strong><\/a><\/li>\n<li><a href=\"https:\/\/www.transpher.net\/site\/thibault\/\"><strong>Thibault Br\u00e9t\u00e9cher : violon<\/strong><\/a><\/li>\n<li><a href=\"https:\/\/www.transpher.net\/site\/medias-rock-celtique\/fred-rock-celtique\/\"><strong>Fred Truet : tin whistle &#8211; fl\u00fbte traversi\u00e8re &#8211; saxos<\/strong><\/a><\/li>\n<li><a href=\"https:\/\/www.transpher.net\/site\/jeremy-broyard\/\"><strong>J\u00e9r\u00e9my Broyard : basse<\/strong><\/a><\/li>\n<li><a href=\"https:\/\/www.transpher.net\/site\/mathieu-caputo\/\"><strong>Mathieu Caputo : guitare<\/strong><\/a><\/li>\n<li><a href=\"https:\/\/www.transpher.net\/site\/yass\/\"><strong>Yass : guitare<\/strong><\/a><\/li>\n<\/ul>\n","protected":false},"excerpt":{"rendered":"<p>&nbsp; Du rock celtique et du bon! \u00ab\u00a0Pr\u00e9parez vos oreilles pour une d\u00e9ferlante d&rsquo;\u00e9nergie, une vague de g\u00e9n\u00e9rosit\u00e9 et surtout une temp\u00eate de sonorit\u00e9s celtiques. Transpher en concert c&rsquo;est tout<\/p>\n<p class=\"more-link\"><a href=\"https:\/\/www.transpher.net\/site\/bio-transpher-about-rock-celtique\/\" class=\"readmore\">Continuer la lecture<span class=\"screen-reader-text\">Bio<\/span><\/a><\/p>\n","protected":false},"author":1,"featured_media":3410,"parent":0,"menu_order":0,"comment_status":"closed","ping_status":"closed","template":"","meta":{"ngg_post_thumbnail":0,"footnotes":""},"class_list":["post-2","page","type-page","status-publish","has-post-thumbnail","hentry"],"yoast_head":"<!-- This site is optimized with the Yoast SEO plugin v27.5 - https:\/\/yoast.com\/product\/yoast-seo-wordpress\/ -->\n<title>Bio - rock celtique<\/title>\n<meta name=\"description\" content=\"Tous les concerts de Transpher, du rock celtique, festif et \u00e9nergique! A retrouver en live dans des festivals ! Celtic Rock\" \/>\n<meta name=\"robots\" content=\"index, follow, max-snippet:-1, max-image-preview:large, max-video-preview:-1\" \/>\n<link rel=\"canonical\" href=\"https:\/\/www.transpher.net\/site\/bio-transpher-about-rock-celtique\/\" \/>\n<meta property=\"og:locale\" content=\"fr_FR\" \/>\n<meta property=\"og:type\" content=\"article\" \/>\n<meta property=\"og:title\" content=\"Bio - rock celtique\" \/>\n<meta property=\"og:description\" content=\"Tous les concerts de Transpher, du rock celtique, festif et \u00e9nergique! A retrouver en live dans des festivals ! Celtic Rock\" \/>\n<meta property=\"og:url\" content=\"https:\/\/www.transpher.net\/site\/bio-transpher-about-rock-celtique\/\" \/>\n<meta property=\"article:publisher\" content=\"https:\/\/www.facebook.com\/TRANSPHERrockceltique\" \/>\n<meta property=\"article:modified_time\" content=\"2025-12-03T22:25:04+00:00\" \/>\n<meta property=\"og:image\" content=\"https:\/\/www.transpher.net\/site\/wp-content\/uploads\/2023\/03\/cropped-QFK_6139-copie-scaled-1.jpg\" \/>\n\t<meta property=\"og:image:width\" content=\"1708\" \/>\n\t<meta property=\"og:image:height\" content=\"959\" \/>\n\t<meta property=\"og:image:type\" content=\"image\/jpeg\" \/>\n<meta name=\"twitter:card\" content=\"summary_large_image\" \/>\n<meta name=\"twitter:label1\" content=\"Dur\u00e9e de lecture estim\u00e9e\" \/>\n\t<meta name=\"twitter:data1\" content=\"8 minutes\" \/>\n<script type=\"application\/ld+json\" class=\"yoast-schema-graph\">{\"@context\":\"https:\\\/\\\/schema.org\",\"@graph\":[{\"@type\":\"WebPage\",\"@id\":\"https:\\\/\\\/www.transpher.net\\\/site\\\/bio-transpher-about-rock-celtique\\\/\",\"url\":\"https:\\\/\\\/www.transpher.net\\\/site\\\/bio-transpher-about-rock-celtique\\\/\",\"name\":\"Bio - rock celtique\",\"isPartOf\":{\"@id\":\"https:\\\/\\\/www.transpher.net\\\/site\\\/#website\"},\"primaryImageOfPage\":{\"@id\":\"https:\\\/\\\/www.transpher.net\\\/site\\\/bio-transpher-about-rock-celtique\\\/#primaryimage\"},\"image\":{\"@id\":\"https:\\\/\\\/www.transpher.net\\\/site\\\/bio-transpher-about-rock-celtique\\\/#primaryimage\"},\"thumbnailUrl\":\"https:\\\/\\\/www.transpher.net\\\/site\\\/wp-content\\\/uploads\\\/2023\\\/03\\\/cropped-QFK_6139-copie-scaled-1.jpg\",\"datePublished\":\"2012-11-21T00:18:55+00:00\",\"dateModified\":\"2025-12-03T22:25:04+00:00\",\"description\":\"Tous les concerts de Transpher, du rock celtique, festif et \u00e9nergique! A retrouver en live dans des festivals ! Celtic Rock\",\"breadcrumb\":{\"@id\":\"https:\\\/\\\/www.transpher.net\\\/site\\\/bio-transpher-about-rock-celtique\\\/#breadcrumb\"},\"inLanguage\":\"fr-FR\",\"potentialAction\":[{\"@type\":\"ReadAction\",\"target\":[\"https:\\\/\\\/www.transpher.net\\\/site\\\/bio-transpher-about-rock-celtique\\\/\"]}]},{\"@type\":\"ImageObject\",\"inLanguage\":\"fr-FR\",\"@id\":\"https:\\\/\\\/www.transpher.net\\\/site\\\/bio-transpher-about-rock-celtique\\\/#primaryimage\",\"url\":\"https:\\\/\\\/www.transpher.net\\\/site\\\/wp-content\\\/uploads\\\/2023\\\/03\\\/cropped-QFK_6139-copie-scaled-1.jpg\",\"contentUrl\":\"https:\\\/\\\/www.transpher.net\\\/site\\\/wp-content\\\/uploads\\\/2023\\\/03\\\/cropped-QFK_6139-copie-scaled-1.jpg\",\"width\":1708,\"height\":959},{\"@type\":\"BreadcrumbList\",\"@id\":\"https:\\\/\\\/www.transpher.net\\\/site\\\/bio-transpher-about-rock-celtique\\\/#breadcrumb\",\"itemListElement\":[{\"@type\":\"ListItem\",\"position\":1,\"name\":\"Accueil\",\"item\":\"https:\\\/\\\/www.transpher.net\\\/site\\\/\"},{\"@type\":\"ListItem\",\"position\":2,\"name\":\"Bio\"}]},{\"@type\":\"WebSite\",\"@id\":\"https:\\\/\\\/www.transpher.net\\\/site\\\/#website\",\"url\":\"https:\\\/\\\/www.transpher.net\\\/site\\\/\",\"name\":\"\",\"description\":\"\",\"publisher\":{\"@id\":\"https:\\\/\\\/www.transpher.net\\\/site\\\/#organization\"},\"potentialAction\":[{\"@type\":\"SearchAction\",\"target\":{\"@type\":\"EntryPoint\",\"urlTemplate\":\"https:\\\/\\\/www.transpher.net\\\/site\\\/?s={search_term_string}\"},\"query-input\":{\"@type\":\"PropertyValueSpecification\",\"valueRequired\":true,\"valueName\":\"search_term_string\"}}],\"inLanguage\":\"fr-FR\"},{\"@type\":\"Organization\",\"@id\":\"https:\\\/\\\/www.transpher.net\\\/site\\\/#organization\",\"name\":\"TRANSPHER Rock Celtique\",\"url\":\"https:\\\/\\\/www.transpher.net\\\/site\\\/\",\"logo\":{\"@type\":\"ImageObject\",\"inLanguage\":\"fr-FR\",\"@id\":\"https:\\\/\\\/www.transpher.net\\\/site\\\/#\\\/schema\\\/logo\\\/image\\\/\",\"url\":\"https:\\\/\\\/www.transpher.net\\\/site\\\/wp-content\\\/uploads\\\/2021\\\/04\\\/hd2-scaled.jpg\",\"contentUrl\":\"https:\\\/\\\/www.transpher.net\\\/site\\\/wp-content\\\/uploads\\\/2021\\\/04\\\/hd2-scaled.jpg\",\"width\":2560,\"height\":1529,\"caption\":\"TRANSPHER Rock Celtique\"},\"image\":{\"@id\":\"https:\\\/\\\/www.transpher.net\\\/site\\\/#\\\/schema\\\/logo\\\/image\\\/\"},\"sameAs\":[\"https:\\\/\\\/www.facebook.com\\\/TRANSPHERrockceltique\",\"https:\\\/\\\/www.instagram.com\\\/transphermusic\\\/\"]}]}<\/script>\n<!-- \/ Yoast SEO plugin. -->","yoast_head_json":{"title":"Bio - rock celtique","description":"Tous les concerts de Transpher, du rock celtique, festif et \u00e9nergique! A retrouver en live dans des festivals ! Celtic Rock","robots":{"index":"index","follow":"follow","max-snippet":"max-snippet:-1","max-image-preview":"max-image-preview:large","max-video-preview":"max-video-preview:-1"},"canonical":"https:\/\/www.transpher.net\/site\/bio-transpher-about-rock-celtique\/","og_locale":"fr_FR","og_type":"article","og_title":"Bio - rock celtique","og_description":"Tous les concerts de Transpher, du rock celtique, festif et \u00e9nergique! A retrouver en live dans des festivals ! Celtic Rock","og_url":"https:\/\/www.transpher.net\/site\/bio-transpher-about-rock-celtique\/","article_publisher":"https:\/\/www.facebook.com\/TRANSPHERrockceltique","article_modified_time":"2025-12-03T22:25:04+00:00","og_image":[{"width":1708,"height":959,"url":"https:\/\/www.transpher.net\/site\/wp-content\/uploads\/2023\/03\/cropped-QFK_6139-copie-scaled-1.jpg","type":"image\/jpeg"}],"twitter_card":"summary_large_image","twitter_misc":{"Dur\u00e9e de lecture estim\u00e9e":"8 minutes"},"schema":{"@context":"https:\/\/schema.org","@graph":[{"@type":"WebPage","@id":"https:\/\/www.transpher.net\/site\/bio-transpher-about-rock-celtique\/","url":"https:\/\/www.transpher.net\/site\/bio-transpher-about-rock-celtique\/","name":"Bio - rock celtique","isPartOf":{"@id":"https:\/\/www.transpher.net\/site\/#website"},"primaryImageOfPage":{"@id":"https:\/\/www.transpher.net\/site\/bio-transpher-about-rock-celtique\/#primaryimage"},"image":{"@id":"https:\/\/www.transpher.net\/site\/bio-transpher-about-rock-celtique\/#primaryimage"},"thumbnailUrl":"https:\/\/www.transpher.net\/site\/wp-content\/uploads\/2023\/03\/cropped-QFK_6139-copie-scaled-1.jpg","datePublished":"2012-11-21T00:18:55+00:00","dateModified":"2025-12-03T22:25:04+00:00","description":"Tous les concerts de Transpher, du rock celtique, festif et \u00e9nergique! A retrouver en live dans des festivals ! Celtic Rock","breadcrumb":{"@id":"https:\/\/www.transpher.net\/site\/bio-transpher-about-rock-celtique\/#breadcrumb"},"inLanguage":"fr-FR","potentialAction":[{"@type":"ReadAction","target":["https:\/\/www.transpher.net\/site\/bio-transpher-about-rock-celtique\/"]}]},{"@type":"ImageObject","inLanguage":"fr-FR","@id":"https:\/\/www.transpher.net\/site\/bio-transpher-about-rock-celtique\/#primaryimage","url":"https:\/\/www.transpher.net\/site\/wp-content\/uploads\/2023\/03\/cropped-QFK_6139-copie-scaled-1.jpg","contentUrl":"https:\/\/www.transpher.net\/site\/wp-content\/uploads\/2023\/03\/cropped-QFK_6139-copie-scaled-1.jpg","width":1708,"height":959},{"@type":"BreadcrumbList","@id":"https:\/\/www.transpher.net\/site\/bio-transpher-about-rock-celtique\/#breadcrumb","itemListElement":[{"@type":"ListItem","position":1,"name":"Accueil","item":"https:\/\/www.transpher.net\/site\/"},{"@type":"ListItem","position":2,"name":"Bio"}]},{"@type":"WebSite","@id":"https:\/\/www.transpher.net\/site\/#website","url":"https:\/\/www.transpher.net\/site\/","name":"","description":"","publisher":{"@id":"https:\/\/www.transpher.net\/site\/#organization"},"potentialAction":[{"@type":"SearchAction","target":{"@type":"EntryPoint","urlTemplate":"https:\/\/www.transpher.net\/site\/?s={search_term_string}"},"query-input":{"@type":"PropertyValueSpecification","valueRequired":true,"valueName":"search_term_string"}}],"inLanguage":"fr-FR"},{"@type":"Organization","@id":"https:\/\/www.transpher.net\/site\/#organization","name":"TRANSPHER Rock Celtique","url":"https:\/\/www.transpher.net\/site\/","logo":{"@type":"ImageObject","inLanguage":"fr-FR","@id":"https:\/\/www.transpher.net\/site\/#\/schema\/logo\/image\/","url":"https:\/\/www.transpher.net\/site\/wp-content\/uploads\/2021\/04\/hd2-scaled.jpg","contentUrl":"https:\/\/www.transpher.net\/site\/wp-content\/uploads\/2021\/04\/hd2-scaled.jpg","width":2560,"height":1529,"caption":"TRANSPHER Rock Celtique"},"image":{"@id":"https:\/\/www.transpher.net\/site\/#\/schema\/logo\/image\/"},"sameAs":["https:\/\/www.facebook.com\/TRANSPHERrockceltique","https:\/\/www.instagram.com\/transphermusic\/"]}]}},"_links":{"self":[{"href":"https:\/\/www.transpher.net\/site\/wp-json\/wp\/v2\/pages\/2","targetHints":{"allow":["GET"]}}],"collection":[{"href":"https:\/\/www.transpher.net\/site\/wp-json\/wp\/v2\/pages"}],"about":[{"href":"https:\/\/www.transpher.net\/site\/wp-json\/wp\/v2\/types\/page"}],"author":[{"embeddable":true,"href":"https:\/\/www.transpher.net\/site\/wp-json\/wp\/v2\/users\/1"}],"replies":[{"embeddable":true,"href":"https:\/\/www.transpher.net\/site\/wp-json\/wp\/v2\/comments?post=2"}],"version-history":[{"count":0,"href":"https:\/\/www.transpher.net\/site\/wp-json\/wp\/v2\/pages\/2\/revisions"}],"wp:featuredmedia":[{"embeddable":true,"href":"https:\/\/www.transpher.net\/site\/wp-json\/wp\/v2\/media\/3410"}],"wp:attachment":[{"href":"https:\/\/www.transpher.net\/site\/wp-json\/wp\/v2\/media?parent=2"}],"curies":[{"name":"wp","href":"https:\/\/api.w.org\/{rel}","templated":true}]}}